{"id":46,"date":"2016-02-06T17:08:40","date_gmt":"2016-02-06T15:08:40","guid":{"rendered":"http:\/\/www.aygunmobilya.com\/?page_id=46"},"modified":"2019-10-24T16:00:05","modified_gmt":"2019-10-24T13:00:05","slug":"insan-kaynaklari","status":"publish","type":"page","link":"https:\/\/www.aygunmobilya.com\/en\/insan-kaynaklari\/","title":{"rendered":"Human Resources"},"content":{"rendered":"<section class=\"wpb-content-wrapper\"><p>[vc_row][vc_column][vc_text_separator title=&#8221;\u0130nsan Kaynaklar\u0131&#8221;][\/vc_column][vc_column width=&#8221;1\/2&#8243;][vc_column_text]<\/p>\n<blockquote>\n<h2>Sizin i\u00e7inde bir kariyer d\u00fc\u015f\u00fcnd\u00fck&#8230;<\/h2>\n<\/blockquote>\n<p>[\/vc_column_text][vc_column_text]<img decoding=\"async\" loading=\"lazy\" class=\"alignnone size-full wp-image-51\" src=\"http:\/\/www.aygunmobilya.com\/wp-content\/uploads\/2016\/02\/aygun-insan_kaynaklari.jpg\" alt=\"\u0130nsan Kaynaklar\u0131\" width=\"492\" height=\"646\" \/>[\/vc_column_text][\/vc_column][vc_column width=&#8221;1\/2&#8243;][vc_column_text]Ayg\u00fcn, kalite hedeflerini yakalamak i\u00e7in \u015firketin hedef ve k\u00fclt\u00fcr\u00fcne uygun yetenekli insanlar\u0131 b\u00fcnyesine katmay\u0131 ama\u00e7 edinmi\u015ftir.<\/p>\n<p>\u0130nsan kaynaklar\u0131 b\u00f6l\u00fcm\u00fc, yap\u0131lan t\u00fcm ba\u015fvurular\u0131 de\u011ferlendirerek, a\u00e7\u0131k pozisyonlar i\u00e7in uygun \u00f6z ge\u00e7mi\u015fe sahip adaylar\u0131 g\u00f6r\u00fc\u015fme i\u00e7in ilgili birim yetkilisine y\u00f6nlendirir. Ayg\u00fcn Mobilya&#8217;ya yap\u0131lan t\u00fcm ba\u015fvurular insan kaynaklar\u0131 ar\u015fivinde, ilerideki ihtiya\u00e7lar i\u00e7in, 3 y\u0131l boyunca muhafaza edilir.<\/p>\n<p><strong>\u0130nsan Kaynaklar\u0131 Prensiplerimiz<\/strong><\/p>\n<p>\u0130nsan kaynaklar\u0131m\u0131z\u0131 firmam\u0131z\u0131n sadece en \u00f6nemli kayna\u011f\u0131 de\u011fil, t\u00fcm kaynaklar\u0131 y\u00f6neten as\u0131l varl\u0131\u011f\u0131m\u0131z olarak kabul ederiz.<br \/>\nFirma olarak nitelikli personel adaylar\u0131n\u0131n \u00f6ncelikle tercih ettikleri ve \u00e7al\u0131\u015fmak istedikleri bir kurum olmaya gayret g\u00f6steririz.<br \/>\n\u0130nsan kaynaklar\u0131m\u0131z\u0131 se\u00e7erken firmam\u0131za de\u011fer katacak, de\u011ferlerimizi benimseyip ya\u015fatacak; geli\u015fim potansiyeli y\u00fcksek, i\u015fin gerektirdi\u011fi bilgi ve beceriye sahip ki\u015filer aras\u0131ndan e\u015fit f\u0131rsat ilkelerini g\u00f6zeterek yapar\u0131z.<br \/>\nBa\u015far\u0131m\u0131z\u0131n, m\u00fc\u015fteri memnuniyetine ve \u00e7al\u0131\u015fanlar\u0131m\u0131z\u0131n motivasyonuna ba\u011fl\u0131 oldu\u011funu bilir, bu kriterleri en \u00fcst seviyede tutmak i\u00e7in \u00e7al\u0131\u015fmalar ve etkinlikler yapar\u0131z.<br \/>\n\u00c7al\u0131\u015fanlar\u0131m\u0131z\u0131n ki\u015fisel geli\u015fimlerini artt\u0131rmas\u0131 ad\u0131na, \u00e7al\u0131\u015fanlar\u0131m\u0131z\u0131 f\u0131rsat e\u015fitli\u011fi g\u00f6zeten bir sistem i\u00e7erisinde de\u011ferlendiririz. Bu de\u011ferlendirmeyi de; ki\u015fisel profilindeki geli\u015fme, g\u00f6revini tamamlama ve \u00fcstlerin takdiri gibi kriterleri g\u00f6z \u00f6n\u00fcnde tutarak yapar\u0131z.<\/p>\n<p><em>Alttaki formdan \u0130nsan Kaynaklar\u0131 b\u00f6l\u00fcm\u00fcm\u00fcze CV\u2019nizi g\u00f6nderebilirsiniz.<\/em>[\/vc_column_text]\n<div class=\"wpcf7 no-js\" id=\"wpcf7-f56-o1\" lang=\"tr-TR\" dir=\"ltr\">\n<div class=\"screen-reader-response\"><p role=\"status\" aria-live=\"polite\" aria-atomic=\"true\"><\/p> <ul><\/ul><\/div>\n<form action=\"\/en\/wp-json\/wp\/v2\/pages\/46#wpcf7-f56-o1\" method=\"post\" class=\"wpcf7-form init\" aria-label=\"Contact form\" enctype=\"multipart\/form-data\" novalidate=\"novalidate\" data-status=\"init\">\n<div style=\"display: none;\">\n<input type=\"hidden\" name=\"_wpcf7\" value=\"56\" \/>\n<input type=\"hidden\" name=\"_wpcf7_version\" value=\"5.7.7\" \/>\n<input type=\"hidden\" name=\"_wpcf7_locale\" value=\"tr_TR\" \/>\n<input type=\"hidden\" name=\"_wpcf7_unit_tag\" value=\"wpcf7-f56-o1\" \/>\n<input type=\"hidden\" name=\"_wpcf7_container_post\" value=\"0\" \/>\n<input type=\"hidden\" name=\"_wpcf7_posted_data_hash\" value=\"\" \/>\n<\/div>\n<p>Ad\u0131n\u0131z Soyad\u0131n\u0131z (gerekli alan)\n<\/p>\n<p><span class=\"wpcf7-form-control-wrap\" data-name=\"your-name\"><input size=\"40\" class=\"wpcf7-form-control wpcf7-text wpcf7-validates-as-required\" aria-required=\"true\" aria-invalid=\"false\" value=\"\" type=\"text\" name=\"your-name\" \/><\/span>\n<\/p>\n<p>E-Posta Adresiniz (gerekli alan)\n<\/p>\n<p><span class=\"wpcf7-form-control-wrap\" data-name=\"your-email\"><input size=\"40\" class=\"wpcf7-form-control wpcf7-text wpcf7-email wpcf7-validates-as-required wpcf7-validates-as-email\" aria-required=\"true\" aria-invalid=\"false\" value=\"\" type=\"email\" name=\"your-email\" \/><\/span>\n<\/p>\n<p>CV Dosyan\u0131z (pdf, doc, docx, ppt)\n<\/p>\n<p><span class=\"wpcf7-form-control-wrap\" data-name=\"file-179\"><input size=\"40\" class=\"wpcf7-form-control wpcf7-file wpcf7-validates-as-required\" accept=\".pdf,.doc,.docx,.ppt\" aria-required=\"true\" aria-invalid=\"false\" type=\"file\" name=\"file-179\" \/><\/span>\n<\/p>\n<p><input class=\"wpcf7-form-control has-spinner wpcf7-submit\" type=\"submit\" value=\"G\u00f6nder\" \/>\n<\/p><div class=\"wpcf7-response-output\" aria-hidden=\"true\"><\/div>\n<\/form>\n<\/div>\n[\/vc_column][\/vc_row]<\/p>\n<\/section>","protected":false},"excerpt":{"rendered":"<p>[vc_row][vc_column][vc_text_separator title=&#8221;\u0130nsan Kaynaklar\u0131&#8221;][\/vc_column][vc_column width=&#8221;1\/2&#8243;][vc_column_text] Sizin i\u00e7inde bir kariyer d\u00fc\u015f\u00fcnd\u00fck&#8230; [\/vc_column_text][vc_column_text][\/vc_column_text][\/vc_column][vc_column width=&#8221;1\/2&#8243;][vc_column_text]Ayg\u00fcn, kalite hedeflerini yakalamak i\u00e7in \u015firketin hedef ve k\u00fclt\u00fcr\u00fcne uygun yetenekli insanlar\u0131 b\u00fcnyesine katmay\u0131 ama\u00e7 edinmi\u015ftir. \u0130nsan kaynaklar\u0131 b\u00f6l\u00fcm\u00fc, yap\u0131lan t\u00fcm ba\u015fvurular\u0131 de\u011ferlendirerek, a\u00e7\u0131k pozisyonlar i\u00e7in uygun \u00f6z ge\u00e7mi\u015fe sahip adaylar\u0131 g\u00f6r\u00fc\u015fme i\u00e7in ilgili birim yetkilisine y\u00f6nlendirir. Ayg\u00fcn Mobilya&#8217;ya yap\u0131lan t\u00fcm ba\u015fvurular insan kaynaklar\u0131 ar\u015fivinde, [&hellip;]<\/p>\n","protected":false},"author":1,"featured_media":0,"parent":0,"menu_order":0,"comment_status":"closed","ping_status":"closed","template":"","meta":[],"aioseo_notices":[],"_links":{"self":[{"href":"https:\/\/www.aygunmobilya.com\/en\/wp-json\/wp\/v2\/pages\/46"}],"collection":[{"href":"https:\/\/www.aygunmobilya.com\/en\/wp-json\/wp\/v2\/pages"}],"about":[{"href":"https:\/\/www.aygunmobilya.com\/en\/wp-json\/wp\/v2\/types\/page"}],"author":[{"embeddable":true,"href":"https:\/\/www.aygunmobilya.com\/en\/wp-json\/wp\/v2\/users\/1"}],"replies":[{"embeddable":true,"href":"https:\/\/www.aygunmobilya.com\/en\/wp-json\/wp\/v2\/comments?post=46"}],"version-history":[{"count":0,"href":"https:\/\/www.aygunmobilya.com\/en\/wp-json\/wp\/v2\/pages\/46\/revisions"}],"wp:attachment":[{"href":"https:\/\/www.aygunmobilya.com\/en\/wp-json\/wp\/v2\/media?parent=46"}],"curies":[{"name":"wp","href":"https:\/\/api.w.org\/{rel}","templated":true}]}}